{"id":144,"date":"2023-01-10T09:53:14","date_gmt":"2023-01-10T08:53:14","guid":{"rendered":"https:\/\/isabelledruet.fr\/?page_id=144"},"modified":"2026-01-07T14:08:28","modified_gmt":"2026-01-07T13:08:28","slug":"biographie","status":"publish","type":"page","link":"https:\/\/isabelledruet.fr\/?page_id=144","title":{"rendered":"Biographie"},"content":{"rendered":"<p>[vc_row iron_row_type=\u00a0\u00bbin_container\u00a0\u00bb iron_remove_padding_medium=\u00a0\u00bb\u00a0\u00bb iron_remove_padding_small=\u00a0\u00bb\u00a0\u00bb iron_overlay_pattern=\u00a0\u00bb\u00a0\u00bb iron_parallax=\u00a0\u00bb\u00a0\u00bb iron_bg_video=\u00a0\u00bb\u00a0\u00bb][vc_column][vc_empty_space][vc_custom_heading text=\u00a0\u00bbBiographie\u00a0\u00bb font_container=\u00a0\u00bbtag:h1|text_align:center|color:%23ffffff\u00a0\u00bb use_theme_fonts=\u00a0\u00bbyes\u00a0\u00bb fit_bg_text=\u00a0\u00bb0&Prime; css=\u00a0\u00bb.vc_custom_1679410925875{padding-left: 75px !important;}\u00a0\u00bb][vc_empty_space][\/vc_column][\/vc_row][vc_row gap=\u00a0\u00bb20&Prime; iron_row_type=\u00a0\u00bbfull_width\u00a0\u00bb iron_remove_padding_medium=\u00a0\u00bb\u00a0\u00bb iron_remove_padding_small=\u00a0\u00bb\u00a0\u00bb iron_overlay_pattern=\u00a0\u00bb\u00a0\u00bb iron_parallax=\u00a0\u00bb\u00a0\u00bb iron_bg_video=\u00a0\u00bb\u00a0\u00bb][vc_column width=\u00a0\u00bb1\/2&Prime;][vc_single_image image=\u00a0\u00bb256&Prime; img_size=\u00a0\u00bbfull\u00a0\u00bb img_fullwidth=\u00a0\u00bb0&Prime;][vc_empty_space height=\u00a0\u00bb100px\u00a0\u00bb][\/vc_column][vc_column width=\u00a0\u00bb1\/2&Prime; css=\u00a0\u00bb.vc_custom_1673340350549{margin-right: 35px !important;padding-right: 5px !important;padding-left: 5px !important;}\u00a0\u00bb][vc_column_text]<span style=\"color: #ffffff;\">Isabelle Druet est l&rsquo;une des mezzo-sopranos les plus appr\u00e9ci\u00e9es de sa g\u00e9n\u00e9ration. Elle passe avec un \u00e9gal bonheur de l&rsquo;op\u00e9ra au r\u00e9cital et traverse les si\u00e8cles de Monteverdi \u00e0 Escaich avec une aisance d\u00e9concertante.<\/span><\/p>\n<p><span style=\"color: #ffffff;\">R\u00e9v\u00e9lation aux Victoires de la musique 2010, Rising Star 2013, laur\u00e9ate du prestigieux Concours Reine Elisabeth en 2008, R\u00e9v\u00e9lation Adami 2007, elle fait ses premiers pas artistiques en dansant puis au th\u00e9\u00e2tre et dans les musiques actuelles et traditionnelles avant d&rsquo;int\u00e9grer le CNSMDP dont elle sortira avec un premier prix de chant \u00e0 l&rsquo;unanimit\u00e9 et les f\u00e9licitations du jury en 2007. <\/span><br \/>\n<span style=\"color: #ffffff;\"> S&rsquo;ensuivent rapidement des engagements dans les grandes salles et maisons d&rsquo;op\u00e9ra et aupr\u00e8s des ensembles les plus reconnus.<\/span><\/p>\n<p><span style=\"color: #ffffff;\">Sa riche voix de mezzo colorature et son don des planches la conduisent naturellement vers l&rsquo;op\u00e9ra et notamment le r\u00f4le embl\u00e9matique de Carmen, qu&rsquo;elle a chant\u00e9 \u00e0 maintes reprises \u00e0 l&rsquo;op\u00e9ra de D\u00fcsseldorf ainsi qu&rsquo;aux op\u00e9ras de Nancy, Metz et plus r\u00e9cemment Saint-Etienne. Parmi ses nombreux autres r\u00f4les \u00e0 la sc\u00e8ne, citons les r\u00f4les-titre de <em>L&rsquo;Italianna in Algeri <\/em>de Rossini \u00e0 l&rsquo;Op\u00e9ra de Metz, <em>Didon et \u00c9n\u00e9e<\/em> de Purcell \u00e0 l&rsquo;Op\u00e9ra Royal de Versailles, <em>La Grande Duchesse de Gerolstein <\/em>d&rsquo;Offenbach \u00e0 l&rsquo;Ath\u00e9n\u00e9e Louis Jouvet et en tourn\u00e9e et l&rsquo;<em>Orph\u00e9e<\/em> de Gluck \u00e0 Limoges et Besan\u00e7on ; Conception dans <em>L&rsquo;heure espagnole <\/em>de Ravel \u00e0 Lyon (ONL), Evian, Grenoble (Les Si\u00e8cles), le Comte Orlovsky (<em>Die<\/em> <em>Fledermaus <\/em>de J.Strauss<em>) <\/em>\u00e0 l&rsquo;Op\u00e9ra du Rhin, Melanto et Fortuna (<em>Il Ritorno d&rsquo;Ulisse<\/em> <em>in Patria <\/em>de Monteverdi) au Th\u00e9\u00e2tre des Champs-Elys\u00e9es et \u00e0 l&rsquo;Op\u00e9ra de Dijon, Baba la Turque (<em>The Rake&rsquo;s Progress <\/em>de Stravinsky ) aux Op\u00e9ras de Nice, Caen, Reims, Rouen, Limoges et au Grand Th\u00e9\u00e2tre du Luxembourg ou encore Tisb\u00e9 (<em>La Cenerentola<\/em> de Rossini) \u00e0 l&rsquo;Op\u00e9ra de Paris.<\/span>[\/vc_column_text][vc_empty_space][vc_column_text]<span style=\"color: #ffffff;\">Hector Berlioz occupe une place privil\u00e9gi\u00e9e dans la carri\u00e8re d&rsquo;Isabelle Druet. Elle donne r\u00e9guli\u00e8rement les <em>Nuits d&rsquo;\u00e9t\u00e9<\/em> avec orchestre, piano, quatuor et ensembles de musique de chambre. Sa voix \u00e9pouse parfaitement la longue tessiture des h\u00e9ro\u00efnes berlioziennes et ainsi elle a donn\u00e9 vie ces derni\u00e8res ann\u00e9es \u00e0 B\u00e9atrice (B\u00e9atrice et B\u00e9n\u00e9dict), Marie (L&rsquo;Enfance du Christ), Cassandre et Didon (Les Troyens) sous la baguette experte de Fran\u00e7ois-Xavier Roth au Festival Berlioz et sur sc\u00e8ne \u00e0 l&rsquo;op\u00e9ra de K\u00f6ln.<\/span><\/p>\n<p><span style=\"color: #ffffff;\">Isabelle Druet poursuit en parall\u00e8le de l&rsquo;op\u00e9ra une intense carri\u00e8re de concertiste et est r\u00e9guli\u00e8rement invit\u00e9e par L.Slatkin, R. Jacobs, F-X Roth, J-F Verdier, aupr\u00e8s d&rsquo;orchestres prestigieux tels le Detroit Symphony Orchestra, les Berliner Barocksolisten, l&rsquo;Orchestre national de Lyon, le Gurzenich Orchester, le BBC National Orchestra of Wales ou encore l&rsquo;orchestre Les Si\u00e8cles, ses complices de longue date.<\/span><\/p>\n<p><span style=\"color: #ffffff;\">Amoureuse de la musique baroque, elle se produit aupr\u00e8s d&rsquo;ensembles comme Le Po\u00e8me Harmonique, Le Concert d&rsquo;Astr\u00e9e, Le Concert Spirituel, Pulcinella, Les Ombres, Akamus ou les Arts Florissants.<\/span><\/p>\n<p><span style=\"color: #ffffff;\">Au r\u00e9cital, c&rsquo;est aux cot\u00e9s d&rsquo;Anne Le Bozec, Vanessa Wagner, Arthur Schoonderwoerd, Johanne Ralambondrainy, St\u00e9phane Jamin ou de l&rsquo;ensemble I Giardini, qu&rsquo;elle se produit sur les sc\u00e8nes du Palais des Beaux-Arts de Bruxelles, du Het Concertgebouw d&rsquo;Amsterdam, du Symphony hall de Birmingham, du Palais des Arts de Budapest, des Philharmonies de Paris, Berlin, Hambourg et K\u00f6ln&#8230;<\/span>[\/vc_column_text][vc_empty_space][vc_column_text]<span style=\"color: #ffffff;\">Toujours enthousiaste \u00e0 tisser des ponts entre les genres musicaux et entre les publics, elle vient de cr\u00e9er \u00ab\u00a0<em>Rossignols Noirs<\/em> \u00bb en duo avec l\u2019accord\u00e9oniste Vincent Lhermet, un tour de chant qui m\u00eale airs baroques, m\u00e9lodies fran\u00e7aises et chants traditionnels.<\/span><\/p>\n<p>&nbsp;<\/p>\n<p><span style=\"color: #ffffff;\">Parmi les projets de la saison 25\/26 citons, entre autres, L\u2019Heure Espagnole avec le Philharmonique de Radio France, Didon et En\u00e9e au Th\u00e9\u00e2tre des Champs Elys\u00e9es avec Les \u00c9pop\u00e9es, Rossignols Noirs en tourn\u00e9e dans l\u2019Is\u00e8re, deux r\u00e9citals Ravel au Festival des Volques, la reprise du Cabaret de la France Libre avec Les Lunaisiens et l\u2019Orchestre de Rouen ou encore la recr\u00e9ation de l\u2019op\u00e9ra Der Wald d\u2019Ethel Smyth avec l\u2019Orchestre de Chambre de Gen\u00e8ve. Avec le Po\u00e8me Harmonique, elle donnera \u00e0 plusieurs reprises le r\u00e9cital espagnol Danza, El fenix de Paris.<\/span><\/p>\n<p>&nbsp;<\/p>\n<p><span style=\"color: #ffffff;\">\u00ab\u00a0Chaque apparition d&rsquo;Isabelle Druet sur un plateau d&rsquo;op\u00e9ra est un moment de bonheur.\u00a0\u00bb T\u00e9l\u00e9rama \u2013Gilles Macassar<\/span><\/p>\n<p><span style=\"color: #ffffff;\">\u00ab Un don des planches \u00e9poustouflant chez Isabelle Druet, la voix est solaire, puissante et ronde, toujours mise au service de la musique et de l&rsquo;intention th\u00e9\u00e2trale.\u00bb La Libre Belgique &#8211; Martine D. Mergeay<\/span>[\/vc_column_text][vc_empty_space][vc_custom_heading text=\u00a0\u00bbPour toute utilisation, merci de prendre contact avec nous\u00a0\u00bb font_container=\u00a0\u00bbtag:h4|text_align:center|color:%23ffffff\u00a0\u00bb use_theme_fonts=\u00a0\u00bbyes\u00a0\u00bb fit_bg_text=\u00a0\u00bb0&Prime; css=\u00a0\u00bb.vc_custom_1675089656988{padding-left: 75px !important;}\u00a0\u00bb][\/vc_column][\/vc_row]<\/p>\n","protected":false},"excerpt":{"rendered":"<p>[vc_row iron_row_type=\u00a0\u00bbin_container\u00a0\u00bb iron_remove_padding_medium=\u00a0\u00bb\u00a0\u00bb iron_remove_padding_small=\u00a0\u00bb\u00a0\u00bb iron_overlay_pattern=\u00a0\u00bb\u00a0\u00bb iron_parallax=\u00a0\u00bb\u00a0\u00bb iron_bg_video=\u00a0\u00bb\u00a0\u00bb][vc_column][vc_empty_space][vc_custom_heading text=\u00a0\u00bbBiographie\u00a0\u00bb font_container=\u00a0\u00bbtag:h1|text_align:center|color:%23ffffff\u00a0\u00bb use_theme_fonts=\u00a0\u00bbyes\u00a0\u00bb fit_bg_text=\u00a0\u00bb0&Prime; css=\u00a0\u00bb.vc_custom_1679410925875{padding-left: 75px !important;}\u00a0\u00bb][vc_empty_space][\/vc_column][\/vc_row][vc_row gap=\u00a0\u00bb20&Prime; iron_row_type=\u00a0\u00bbfull_width\u00a0\u00bb iron_remove_padding_medium=\u00a0\u00bb\u00a0\u00bb iron_remove_padding_small=\u00a0\u00bb\u00a0\u00bb iron_overlay_pattern=\u00a0\u00bb\u00a0\u00bb iron_parallax=\u00a0\u00bb\u00a0\u00bb iron_bg_video=\u00a0\u00bb\u00a0\u00bb][vc_column width=\u00a0\u00bb1\/2&Prime;][vc_single_image image=\u00a0\u00bb256&Prime; img_size=\u00a0\u00bbfull\u00a0\u00bb img_fullwidth=\u00a0\u00bb0&Prime;][vc_empty_space height=\u00a0\u00bb100px\u00a0\u00bb][\/vc_column][vc_column width=\u00a0\u00bb1\/2&Prime; css=\u00a0\u00bb.vc_custom_1673340350549{margin-right: 35px !important;padding-right: 5px !important;padding-left: 5px !important;}\u00a0\u00bb][vc_column_text]Isabelle Druet est l&rsquo;une des mezzo-sopranos les plus appr\u00e9ci\u00e9es de sa g\u00e9n\u00e9ration. Elle passe avec un \u00e9gal bonheur de l&rsquo;op\u00e9ra au r\u00e9cital et traverse les si\u00e8cles de Monteverdi \u00e0 Escaich avec une aisance d\u00e9concertante. R\u00e9v\u00e9lation aux Victoires de la musique 2010, Rising Star 2013, laur\u00e9ate du prestigieux [&hellip;]<\/p>\n","protected":false},"author":1,"featured_media":0,"parent":0,"menu_order":4,"comment_status":"closed","ping_status":"closed","template":"","meta":{"footnotes":""},"class_list":["post-144","page","type-page","status-publish","hentry"],"_links":{"self":[{"href":"https:\/\/isabelledruet.fr\/index.php?rest_route=\/wp\/v2\/pages\/144","targetHints":{"allow":["GET"]}}],"collection":[{"href":"https:\/\/isabelledruet.fr\/index.php?rest_route=\/wp\/v2\/pages"}],"about":[{"href":"https:\/\/isabelledruet.fr\/index.php?rest_route=\/wp\/v2\/types\/page"}],"author":[{"embeddable":true,"href":"https:\/\/isabelledruet.fr\/index.php?rest_route=\/wp\/v2\/users\/1"}],"replies":[{"embeddable":true,"href":"https:\/\/isabelledruet.fr\/index.php?rest_route=%2Fwp%2Fv2%2Fcomments&post=144"}],"version-history":[{"count":49,"href":"https:\/\/isabelledruet.fr\/index.php?rest_route=\/wp\/v2\/pages\/144\/revisions"}],"predecessor-version":[{"id":641,"href":"https:\/\/isabelledruet.fr\/index.php?rest_route=\/wp\/v2\/pages\/144\/revisions\/641"}],"wp:attachment":[{"href":"https:\/\/isabelledruet.fr\/index.php?rest_route=%2Fwp%2Fv2%2Fmedia&parent=144"}],"curies":[{"name":"wp","href":"https:\/\/api.w.org\/{rel}","templated":true}]}}