{"id":16,"date":"2022-12-27T11:02:38","date_gmt":"2022-12-27T10:02:38","guid":{"rendered":"https:\/\/isabelledruet.fr\/?page_id=16"},"modified":"2026-04-28T18:47:02","modified_gmt":"2026-04-28T16:47:02","slug":"accueil","status":"publish","type":"page","link":"https:\/\/isabelledruet.fr\/","title":{"rendered":"Accueil"},"content":{"rendered":"<p>[vc_row iron_row_type=\u00a0\u00bbfull_width\u00a0\u00bb iron_remove_padding_medium=\u00a0\u00bb\u00a0\u00bb iron_remove_padding_small=\u00a0\u00bb\u00a0\u00bb iron_overlay_pattern=\u00a0\u00bb\u00a0\u00bb iron_parallax=\u00a0\u00bb\u00a0\u00bb iron_bg_video=\u00a0\u00bb\u00a0\u00bb][vc_column][vc_single_image image=\u00a0\u00bb339&Prime; img_size=\u00a0\u00bbfull\u00a0\u00bb alignment=\u00a0\u00bbcenter\u00a0\u00bb img_fullwidth=\u00a0\u00bb0&Prime;][vc_empty_space][vc_row_inner iron_bg_video=\u00a0\u00bb\u00a0\u00bb][vc_column_inner][vc_custom_heading text=\u00a0\u00bb\u00ab\u00a0Il y a un chant endormi dans chaque chose qui r\u00eave, perp\u00e9tuellement,<br \/>\net le monde se mettra \u00e0 chanter si tu trouves le mot juste\u00ab\u00a0\u00a0\u00bb font_container=\u00a0\u00bbtag:h2|text_align:center|color:%23ffffff\u00a0\u00bb use_theme_fonts=\u00a0\u00bbyes\u00a0\u00bb fit_bg_text=\u00a0\u00bb0&Prime;][vc_custom_heading text=\u00a0\u00bbJoseph Von Eichendorff\u00a0\u00bb font_container=\u00a0\u00bbtag:h3|text_align:center|color:%23ffffff\u00a0\u00bb use_theme_fonts=\u00a0\u00bbyes\u00a0\u00bb fit_bg_text=\u00a0\u00bb0&Prime;][\/vc_column_inner][\/vc_row_inner][\/vc_column][\/vc_row][vc_row iron_row_type=\u00a0\u00bbfull_width\u00a0\u00bb iron_remove_padding_medium=\u00a0\u00bb\u00a0\u00bb iron_remove_padding_small=\u00a0\u00bb\u00a0\u00bb iron_overlay_pattern=\u00a0\u00bb\u00a0\u00bb iron_parallax=\u00a0\u00bb\u00a0\u00bb iron_bg_video=\u00a0\u00bb\u00a0\u00bb][vc_column width=\u00a0\u00bb1\/3&Prime; offset=\u00a0\u00bbvc_hidden-md vc_hidden-sm vc_hidden-xs\u00a0\u00bb][\/vc_column][vc_column width=\u00a0\u00bb1\/3&Prime;][\/vc_column][vc_column width=\u00a0\u00bb1\/3&Prime; css=\u00a0\u00bb.vc_custom_1702717022262{margin-top: -250px !important;}\u00a0\u00bb offset=\u00a0\u00bbvc_hidden-md vc_hidden-sm vc_hidden-xs\u00a0\u00bb][vc_row_inner iron_bg_video=\u00a0\u00bb\u00a0\u00bb][vc_column_inner offset=\u00a0\u00bbvc_hidden-md vc_hidden-sm vc_hidden-xs\u00a0\u00bb][vc_custom_heading text=\u00a0\u00bb\u00a0\u00bb font_container=\u00a0\u00bbtag:h3|text_align:center|color:%23ffffff\u00a0\u00bb use_theme_fonts=\u00a0\u00bbyes\u00a0\u00bb fit_bg_text=\u00a0\u00bb0&Prime;][\/vc_column_inner][\/vc_row_inner][\/vc_column][\/vc_row][vc_row gap=\u00a0\u00bb30&Prime; iron_row_type=\u00a0\u00bbfull_width\u00a0\u00bb iron_remove_padding_medium=\u00a0\u00bb\u00a0\u00bb iron_remove_padding_small=\u00a0\u00bb\u00a0\u00bb iron_overlay_pattern=\u00a0\u00bb\u00a0\u00bb iron_parallax=\u00a0\u00bb\u00a0\u00bb iron_bg_video=\u00a0\u00bb\u00a0\u00bb][vc_column width=\u00a0\u00bb1\/2&Prime;][vc_single_image image=\u00a0\u00bb57&Prime; img_size=\u00a0\u00bbfull\u00a0\u00bb img_fullwidth=\u00a0\u00bb0&Prime;][\/vc_column][vc_column width=\u00a0\u00bb1\/4&Prime; css=\u00a0\u00bb.vc_custom_1673173417902{padding-right: 10px !important;padding-left: 10px !important;}\u00a0\u00bb][vc_custom_heading text=\u00a0\u00bb\u00a0\u00bb font_container=\u00a0\u00bbtag:h1|text_align:left|color:%23ffffff\u00a0\u00bb use_theme_fonts=\u00a0\u00bbyes\u00a0\u00bb fit_bg_text=\u00a0\u00bb0&Prime;][vc_column_text]<\/p>\n<h3><span style=\"color: #ffffff;\">\u00a0Isabelle Druet est une mezzo-soprano colorature qui passe avec un \u00e9gal bonheur de l&rsquo;op\u00e9ra au r\u00e9cital et traverse les si\u00e8cles de Monteverdi \u00e0 Escaich avec une aisance d\u00e9concertante.<\/span><\/h3>\n<p>[\/vc_column_text][vc_empty_space]\r\n\t<a target=\"_self\" data-hoverbg=\"#444444\" data-hoverborder=\"\" data-hovertext=\"#ffffff\"  class=\"button-widget left\" href=\"https:\/\/isabelledruet.fr\/?page_id=144\" style=\"padding-left:10px; padding-right:10px; padding-top:10px; padding-bottom:10px; border-width:0px; border-radius:0px; border-color:#ffffff; background-color:#ffffff; color:#000000\">Lire la biographie compl\u00e8te<\/a><div class=\"clear button-clear\"><\/div>[vc_empty_space][vc_custom_heading text=\u00a0\u00bb\u00a0\u00bb font_container=\u00a0\u00bbtag:h3|text_align:left|color:%23bc3200&Prime; use_theme_fonts=\u00a0\u00bbyes\u00a0\u00bb fit_bg_text=\u00a0\u00bb0&Prime;][vc_custom_heading text=\u00a0\u00bb\u00a0\u00bb font_container=\u00a0\u00bbtag:h2|text_align:left|color:%23ffffff\u00a0\u00bb use_theme_fonts=\u00a0\u00bbyes\u00a0\u00bb fit_bg_text=\u00a0\u00bb0&Prime; link=\u00a0\u00bbtarget:_blank\u00a0\u00bb][vc_custom_heading text=\u00a0\u00bb\u00a0\u00bb font_container=\u00a0\u00bbtag:h3|font_size:22|text_align:left|color:%23ffffff\u00a0\u00bb use_theme_fonts=\u00a0\u00bbyes\u00a0\u00bb fit_bg_text=\u00a0\u00bb0&Prime;][vc_custom_heading text=\u00a0\u00bb\u00a0\u00bb font_container=\u00a0\u00bbtag:h4|text_align:left|color:%23ffffff\u00a0\u00bb use_theme_fonts=\u00a0\u00bbyes\u00a0\u00bb fit_bg_text=\u00a0\u00bb0&Prime; link=\u00a0\u00bburl:https%3A%2F%2Fwww.operaroyal-versailles.fr%2Fen%2Fevent%2Fmonteverdi-lorfeo%2F\u00a0\u00bb][vc_empty_space][vc_custom_heading text=\u00a0\u00bbMercredi 27 Mai \u00e0 20h\u00a0\u00bb font_container=\u00a0\u00bbtag:h3|text_align:left|color:%23bc3200&Prime; use_theme_fonts=\u00a0\u00bbyes\u00a0\u00bb fit_bg_text=\u00a0\u00bb0&Prime;][vc_custom_heading text=\u00a0\u00bbIsabelle Druet sera IOLANTHE dans Der Wald, op\u00e9ra de la compositrice Ethel Smyth\u00a0\u00bb font_container=\u00a0\u00bbtag:h2|text_align:left|color:%23ffffff\u00a0\u00bb use_theme_fonts=\u00a0\u00bbyes\u00a0\u00bb fit_bg_text=\u00a0\u00bb0&Prime; link=\u00a0\u00bbtarget:_blank\u00a0\u00bb][vc_custom_heading text=\u00a0\u00bbavec l&rsquo;orchestre de Chambre de Gen\u00e8ve, dir. Rapha\u00ebl Merlin\u00a0\u00bb font_container=\u00a0\u00bbtag:h3|text_align:left|color:%23ffffff\u00a0\u00bb use_theme_fonts=\u00a0\u00bbyes\u00a0\u00bb fit_bg_text=\u00a0\u00bb0&Prime; link=\u00a0\u00bburl:%20https%3A%2F%2Fwww.philharmonie.lu%2Ffr%2Fprogramme%2F2024-25%2Fmon-ami-ravel-000000e90019847c\u00a0\u00bb][vc_custom_heading text=\u00a0\u00bbB\u00e2timent des Forces Motrices, Gen\u00e8ve\u00a0\u00bb font_container=\u00a0\u00bbtag:h4|text_align:left|color:%23ffffff\u00a0\u00bb use_theme_fonts=\u00a0\u00bbyes\u00a0\u00bb fit_bg_text=\u00a0\u00bb0&Prime;][vc_empty_space][vc_custom_heading text=\u00a0\u00bbVendredi 31 Mai \u00e0 16h\u00a0\u00bb font_container=\u00a0\u00bbtag:h3|text_align:left|color:%23bc3200&Prime; use_theme_fonts=\u00a0\u00bbyes\u00a0\u00bb fit_bg_text=\u00a0\u00bb0&Prime;][vc_custom_heading text=\u00a0\u00bbLes Voix de la R\u00e9sistance<br \/>\n\u00a0\u00bb font_container=\u00a0\u00bbtag:h2|text_align:left|color:%23ffffff\u00a0\u00bb use_theme_fonts=\u00a0\u00bbyes\u00a0\u00bb fit_bg_text=\u00a0\u00bb0&Prime; link=\u00a0\u00bbtarget:_blank\u00a0\u00bb][vc_custom_heading text=\u00a0\u00bbChant, d\u00e9clamation : Arnaud Marzorati et Isabelle Druet, accord\u00e9on : Anthony Millet, violon : Marie Salvat et l\u2019Ensemble de l\u2019Op\u00e9ra Normandie Rouen\u00a0\u00bb font_container=\u00a0\u00bbtag:h3|text_align:left|color:%23ffffff\u00a0\u00bb use_theme_fonts=\u00a0\u00bbyes\u00a0\u00bb fit_bg_text=\u00a0\u00bb0&Prime;][vc_custom_heading text=\u00a0\u00bbForges-les-Eaux, Espace de Forges\u00a0\u00bb font_container=\u00a0\u00bbtag:h4|text_align:left|color:%23ffffff\u00a0\u00bb use_theme_fonts=\u00a0\u00bbyes\u00a0\u00bb fit_bg_text=\u00a0\u00bb0&Prime; link=\u00a0\u00bburl:https%3A%2F%2Fwww.hr-sinfonieorchester.de%2Fkonzerte%2Fkonzerte-24-25%2Fjeanne-darc%2Cgrosse-reihe-jeanne-d-arc-100.html\u00a0\u00bb][vc_empty_space]\r\n\t<a target=\"_self\" data-hoverbg=\"#444444\" data-hoverborder=\"\" data-hovertext=\"#ffffff\"  class=\"button-widget left\" href=\"https:\/\/isabelledruet.fr\/?page_id=66\" style=\"padding-left:10px; padding-right:10px; padding-top:10px; padding-bottom:10px; border-width:0px; border-radius:0px; border-color:#ffffff; background-color:#ffffff; color:#000000\">Saison 2025\/2026 et saisons pr\u00e9cedentes<\/a><div class=\"clear button-clear\"><\/div>[\/vc_column][vc_column width=\u00a0\u00bb1\/4&Prime; css=\u00a0\u00bb.vc_custom_1673292912185{padding-right: 15px !important;padding-left: 15px !important;}\u00a0\u00bb offset=\u00a0\u00bbvc_hidden-md vc_hidden-sm vc_hidden-xs\u00a0\u00bb][vc_empty_space height=\u00a0\u00bb155px\u00a0\u00bb][vc_custom_heading text=\u00a0\u00bb\u00ab\u00a0Chaque apparition d&rsquo;Isabelle Druet sur un plateau d&rsquo;op\u00e9ra est un moment de bonheur.\u00ab\u00a0<br \/>\nT\u00e9l\u00e9rama \u2013Gilles Macassar\u00a0\u00bb font_container=\u00a0\u00bbtag:h2|text_align:left|color:%23ffffff\u00a0\u00bb use_theme_fonts=\u00a0\u00bbyes\u00a0\u00bb fit_bg_text=\u00a0\u00bb0&Prime;][vc_empty_space height=\u00a0\u00bb305px\u00a0\u00bb][vc_custom_heading text=\u00a0\u00bb\u00ab Un don des planches \u00e9poustouflant chez Isabelle Druet, la voix est solaire, puissante et ronde, toujours mise au service de la musique et de l&rsquo;intention th\u00e9\u00e2trale.\u00bb La Libre Belgique &#8211; Martine D. Mergeay\u00a0\u00bb font_container=\u00a0\u00bbtag:h2|text_align:right|color:%23ffffff\u00a0\u00bb use_theme_fonts=\u00a0\u00bbyes\u00a0\u00bb fit_bg_text=\u00a0\u00bb0&Prime;][\/vc_column][\/vc_row]<\/p>\n","protected":false},"excerpt":{"rendered":"<p>[vc_row iron_row_type=\u00a0\u00bbfull_width\u00a0\u00bb iron_remove_padding_medium=\u00a0\u00bb\u00a0\u00bb iron_remove_padding_small=\u00a0\u00bb\u00a0\u00bb iron_overlay_pattern=\u00a0\u00bb\u00a0\u00bb iron_parallax=\u00a0\u00bb\u00a0\u00bb iron_bg_video=\u00a0\u00bb\u00a0\u00bb][vc_column][vc_single_image image=\u00a0\u00bb339&Prime; img_size=\u00a0\u00bbfull\u00a0\u00bb alignment=\u00a0\u00bbcenter\u00a0\u00bb img_fullwidth=\u00a0\u00bb0&Prime;][vc_empty_space][vc_row_inner iron_bg_video=\u00a0\u00bb\u00a0\u00bb][vc_column_inner][vc_custom_heading text=\u00a0\u00bb\u00ab\u00a0Il y a un chant endormi dans chaque chose qui r\u00eave, perp\u00e9tuellement, et le monde se mettra \u00e0 chanter si tu trouves le mot juste\u00ab\u00a0\u00a0\u00bb font_container=\u00a0\u00bbtag:h2|text_align:center|color:%23ffffff\u00a0\u00bb use_theme_fonts=\u00a0\u00bbyes\u00a0\u00bb fit_bg_text=\u00a0\u00bb0&Prime;][vc_custom_heading text=\u00a0\u00bbJoseph Von Eichendorff\u00a0\u00bb font_container=\u00a0\u00bbtag:h3|text_align:center|color:%23ffffff\u00a0\u00bb use_theme_fonts=\u00a0\u00bbyes\u00a0\u00bb fit_bg_text=\u00a0\u00bb0&Prime;][\/vc_column_inner][\/vc_row_inner][\/vc_column][\/vc_row][vc_row iron_row_type=\u00a0\u00bbfull_width\u00a0\u00bb iron_remove_padding_medium=\u00a0\u00bb\u00a0\u00bb iron_remove_padding_small=\u00a0\u00bb\u00a0\u00bb iron_overlay_pattern=\u00a0\u00bb\u00a0\u00bb iron_parallax=\u00a0\u00bb\u00a0\u00bb iron_bg_video=\u00a0\u00bb\u00a0\u00bb][vc_column width=\u00a0\u00bb1\/3&Prime; offset=\u00a0\u00bbvc_hidden-md vc_hidden-sm vc_hidden-xs\u00a0\u00bb][\/vc_column][vc_column width=\u00a0\u00bb1\/3&Prime;][\/vc_column][vc_column width=\u00a0\u00bb1\/3&Prime; css=\u00a0\u00bb.vc_custom_1702717022262{margin-top: -250px !important;}\u00a0\u00bb offset=\u00a0\u00bbvc_hidden-md vc_hidden-sm vc_hidden-xs\u00a0\u00bb][vc_row_inner iron_bg_video=\u00a0\u00bb\u00a0\u00bb][vc_column_inner offset=\u00a0\u00bbvc_hidden-md vc_hidden-sm vc_hidden-xs\u00a0\u00bb][vc_custom_heading text=\u00a0\u00bb\u00a0\u00bb font_container=\u00a0\u00bbtag:h3|text_align:center|color:%23ffffff\u00a0\u00bb use_theme_fonts=\u00a0\u00bbyes\u00a0\u00bb fit_bg_text=\u00a0\u00bb0&Prime;][\/vc_column_inner][\/vc_row_inner][\/vc_column][\/vc_row][vc_row gap=\u00a0\u00bb30&Prime; iron_row_type=\u00a0\u00bbfull_width\u00a0\u00bb iron_remove_padding_medium=\u00a0\u00bb\u00a0\u00bb iron_remove_padding_small=\u00a0\u00bb\u00a0\u00bb iron_overlay_pattern=\u00a0\u00bb\u00a0\u00bb iron_parallax=\u00a0\u00bb\u00a0\u00bb iron_bg_video=\u00a0\u00bb\u00a0\u00bb][vc_column width=\u00a0\u00bb1\/2&Prime;][vc_single_image [&hellip;]<\/p>\n","protected":false},"author":1,"featured_media":0,"parent":0,"menu_order":3,"comment_status":"closed","ping_status":"closed","template":"","meta":{"footnotes":""},"class_list":["post-16","page","type-page","status-publish","hentry"],"_links":{"self":[{"href":"https:\/\/isabelledruet.fr\/index.php?rest_route=\/wp\/v2\/pages\/16","targetHints":{"allow":["GET"]}}],"collection":[{"href":"https:\/\/isabelledruet.fr\/index.php?rest_route=\/wp\/v2\/pages"}],"about":[{"href":"https:\/\/isabelledruet.fr\/index.php?rest_route=\/wp\/v2\/types\/page"}],"author":[{"embeddable":true,"href":"https:\/\/isabelledruet.fr\/index.php?rest_route=\/wp\/v2\/users\/1"}],"replies":[{"embeddable":true,"href":"https:\/\/isabelledruet.fr\/index.php?rest_route=%2Fwp%2Fv2%2Fcomments&post=16"}],"version-history":[{"count":88,"href":"https:\/\/isabelledruet.fr\/index.php?rest_route=\/wp\/v2\/pages\/16\/revisions"}],"predecessor-version":[{"id":689,"href":"https:\/\/isabelledruet.fr\/index.php?rest_route=\/wp\/v2\/pages\/16\/revisions\/689"}],"wp:attachment":[{"href":"https:\/\/isabelledruet.fr\/index.php?rest_route=%2Fwp%2Fv2%2Fmedia&parent=16"}],"curies":[{"name":"wp","href":"https:\/\/api.w.org\/{rel}","templated":true}]}}